{"id":135805,"date":"2025-11-02T12:48:16","date_gmt":"2025-11-02T11:48:16","guid":{"rendered":"https:\/\/cappiello.fr\/biographie\/"},"modified":"2026-04-12T15:57:44","modified_gmt":"2026-04-12T13:57:44","slug":"biography","status":"publish","type":"page","link":"https:\/\/cappiello.fr\/en\/biography\/","title":{"rendered":"Biography"},"content":{"rendered":"<p><div class=\"fusion-bg-parallax\" data-bg-align=\"center top\" data-direction=\"up\" data-mute=\"false\" data-opacity=\"100\" data-velocity=\"-0.3\" data-mobile-enabled=\"false\" data-break_parents=\"0\" data-bg-image=\"https:\/\/cappiello.fr\/wp-content\/uploads\/2025\/11\/Portofino1200x500.jpg\" data-bg-repeat=\"false\" data-bg-color=\"#18352d\" data-bg-gradient-type=\"linear\" data-bg-gradient-angle=\"180\" data-bg-gradient-start-color=\"rgba(24,53,45,0.45)\" data-bg-gradient-start-position=\"71\" data-bg-gradient-end-color=\"#18352d\" data-bg-gradient-end-position=\"100\" data-bg-radial-direction=\"center center\" ><\/div><div class=\"fusion-fullwidth fullwidth-box fusion-builder-row-1 fusion-flex-container has-pattern-background has-mask-background fusion-parallax-up nonhundred-percent-fullwidth non-hundred-percent-height-scrolling lazyload fusion-animated\" style=\"--awb-background-position:center top;--awb-border-sizes-top:0;--awb-border-radius-top-left:0px;--awb-border-radius-top-right:0px;--awb-border-radius-bottom-right:0px;--awb-border-radius-bottom-left:0px;--awb-padding-top:10vw;--awb-padding-bottom:10vw;--awb-margin-top:0px;--awb-margin-bottom:0px;--awb-background-color:#18352d;--awb-background-image:linear-gradient(180deg, rgba(24,53,45,0.45) 71%,#18352d 100%);;--awb-background-size:cover;--awb-flex-wrap:wrap;--awb-animation-color:#18352d;\" data-bg=\"https:\/\/cappiello.fr\/wp-content\/uploads\/2025\/11\/Portofino1200x500.jpg\" data-bg-gradient=\"linear-gradient(180deg, rgba(24,53,45,0.45) 71%,#18352d 100%)\" data-animationType=\"revealInDown\" data-animationDuration=\"1.3\" data-animationOffset=\"top-into-view\" ><div class=\"fusion-builder-row fusion-row fusion-flex-align-items-flex-start fusion-flex-justify-content-center fusion-flex-content-wrap\" style=\"max-width:1268.8px;margin-left: calc(-4% \/ 2 );margin-right: calc(-4% \/ 2 );\"><div class=\"fusion-layout-column fusion_builder_column fusion-builder-column-0 fusion-flex-column\" style=\"--awb-bg-size:cover;--awb-width-large:65%;--awb-margin-top-large:0px;--awb-spacing-right-large:2.9538461538462%;--awb-margin-bottom-large:4vw;--awb-spacing-left-large:2.9538461538462%;--awb-width-medium:65%;--awb-order-medium:0;--awb-spacing-right-medium:2.9538461538462%;--awb-spacing-left-medium:2.9538461538462%;--awb-width-small:100%;--awb-order-small:0;--awb-spacing-right-small:1.92%;--awb-spacing-left-small:1.92%;\"><div class=\"fusion-column-wrapper fusion-column-has-shadow fusion-flex-justify-content-flex-start fusion-content-layout-column\"><div class=\"fusion-title title fusion-title-1 fusion-sep-none fusion-title-center fusion-title-text fusion-title-size-one\" style=\"--awb-text-color:#ffffff;--awb-margin-bottom:20px;--awb-margin-top-small:10px;--awb-margin-right-small:0px;--awb-margin-bottom-small:10px;--awb-margin-left-small:0px;--awb-font-size:55px;\"><h1 class=\"fusion-title-heading title-heading-center fusion-responsive-typography-calculated\" style=\"font-family:&quot;Aboreto&quot;;font-style:normal;font-weight:400;margin:0;text-transform:var(--awb-typography1-text-transform);font-size:1em;--fontSize:55;line-height:1.2;\">Biography<\/h1><\/div><\/div><\/div><\/div><\/div><div class=\"fusion-fullwidth fullwidth-box fusion-builder-row-2 fusion-flex-container has-pattern-background has-mask-background nonhundred-percent-fullwidth non-hundred-percent-height-scrolling\" style=\"--awb-border-radius-top-left:0px;--awb-border-radius-top-right:0px;--awb-border-radius-bottom-right:0px;--awb-border-radius-bottom-left:0px;--awb-background-color:#fffbf4;--awb-flex-wrap:wrap;\" ><div class=\"fusion-builder-row fusion-row fusion-flex-align-items-flex-start fusion-flex-content-wrap\" style=\"max-width:1268.8px;margin-left: calc(-4% \/ 2 );margin-right: calc(-4% \/ 2 );\"><div class=\"fusion-layout-column fusion_builder_column fusion-builder-column-1 fusion_builder_column_1_1 1_1 fusion-flex-column\" style=\"--awb-bg-size:cover;--awb-width-large:100%;--awb-margin-top-large:0px;--awb-spacing-right-large:1.92%;--awb-margin-bottom-large:20px;--awb-spacing-left-large:1.92%;--awb-width-medium:100%;--awb-order-medium:0;--awb-spacing-right-medium:1.92%;--awb-spacing-left-medium:1.92%;--awb-width-small:100%;--awb-order-small:0;--awb-spacing-right-small:1.92%;--awb-spacing-left-small:1.92%;\"><div class=\"fusion-column-wrapper fusion-column-has-shadow fusion-flex-justify-content-flex-start fusion-content-layout-column\"><div class=\"fusion-title title fusion-title-2 fusion-sep-none fusion-title-text fusion-title-size-two\" style=\"--awb-margin-top-small:10px;--awb-margin-right-small:0px;--awb-margin-bottom-small:10px;--awb-margin-left-small:0px;\"><h2 class=\"fusion-title-heading title-heading-left fusion-responsive-typography-calculated\" style=\"margin:0;--fontSize:50;line-height:var(--awb-typography1-line-height);\">The man<\/h2><\/div><\/div><\/div><div class=\"fusion-layout-column fusion_builder_column fusion-builder-column-2 fusion_builder_column_2_3 2_3 fusion-flex-column\" style=\"--awb-bg-size:cover;--awb-width-large:66.666666666667%;--awb-margin-top-large:0px;--awb-spacing-right-large:2.88%;--awb-margin-bottom-large:20px;--awb-spacing-left-large:2.88%;--awb-width-medium:66.666666666667%;--awb-order-medium:0;--awb-spacing-right-medium:2.88%;--awb-spacing-left-medium:2.88%;--awb-width-small:100%;--awb-order-small:0;--awb-spacing-right-small:1.92%;--awb-spacing-left-small:1.92%;\"><div class=\"fusion-column-wrapper fusion-column-has-shadow fusion-flex-justify-content-flex-start fusion-content-layout-column\"><div class=\"fusion-text fusion-text-1\"><div class=\"bio_line\">\n<div class=\"bio_date\">1875<\/div>\n<div>Cappiello born in Livorno, Italy. His father is a maritime liquidator, handling disputes between shipping companies, commission houses and private individuals. <\/div>\n<\/div>\n<div class=\"bio_line\">\n<div class=\"bio_date\">1886 \u00e0 1892<\/div>\n<div>First paintings.<\/div>\n<\/div>\n<div class=\"bio_line\">\n<div class=\"bio_date\">1897<\/div>\n<div>Spring: Cappiello arrives in Paris to visit his brother, who works at the stock exchange. Brief return to Livorno for the death of his father.<br \/>\nJune: returns to Paris, where he settles permanently. <\/div>\n<\/div>\n<div class=\"bio_line\">\n<div class=\"bio_date\">1896 \u00e0 1905<\/div>\n<div>Caricature period.<\/div>\n<\/div>\n<div class=\"bio_line\">\n<div class=\"bio_date\">1900<\/div>\n<div>In November, he signs his first contract with printer-publisher P. Vercasson, marking the start of his career as a poster artist.<\/div>\n<\/div>\n<div class=\"bio_line\">\n<div class=\"bio_date\">1901<\/div>\n<div>Marriage to Suzanne Meyer, sister-in-law of Lucien M\u00fchlfeld (literary critic) and Paul Adam (writer). He had two children. <\/div>\n<\/div>\n<div class=\"bio_line\">\n<div class=\"bio_date\">1899 \u00e0 1942<\/div>\n<div>Poster period.<\/div>\n<\/div>\n<div class=\"bio_line\">\n<div class=\"bio_date\">1902 \u00e0 1913<\/div>\n<div>He works for the publisher Vercasson.<\/div>\n<\/div>\n<div class=\"bio_line\">\n<div class=\"bio_date\">1914<\/div>\n<div>He receives the L\u00e9gion d&#8217;honneur.<\/div>\n<\/div>\n<div class=\"bio_line\">\n<div class=\"bio_date\">1914 \u00e0 1918<\/div>\n<div>Recalled by Italy during the war as an interpreter for the Information Service. He has a little time left to take part in charity days for the war-wounded, publish satirical cartoons against the Germans and make a few posters. <\/div>\n<\/div>\n<div class=\"bio_line\">\n<div class=\"bio_date\">1919<\/div>\n<div>After the armistice of 1918, he joined the publisher Devambez, with whom he worked until 1936.<\/div>\n<\/div>\n<div class=\"bio_line\">\n<div class=\"bio_date\">1921<\/div>\n<div>He is promoted to Officier de la L\u00e9gion d&#8217;Honneur.<\/div>\n<\/div>\n<div class=\"bio_line\">\n<div class=\"bio_date\">1928<\/div>\n<div>Commander of the Legion of Honor.<\/div>\n<\/div>\n<div class=\"bio_line\">\n<div class=\"bio_date\">1930<\/div>\n<div>He takes French nationality.<\/div>\n<\/div>\n<div class=\"bio_line\">\n<div class=\"bio_date\">1941<\/div>\n<div>Ill, he retired to Grasse, to the home of his sister-in-law, Mme Lucien M\u00fchlfeld.<\/div>\n<\/div>\n<div class=\"bio_line\">\n<div class=\"bio_date\">1942<\/div>\n<div>Cappiello died in Cannes following a dinner with his friend Andr\u00e9 Rouveyre. He is remembered as an indulgent, very likeable man who embodied Italian seduction, with a certain reserve that gave him an obvious nobility. <\/div>\n<\/div>\n<\/div><\/div><\/div><div class=\"fusion-layout-column fusion_builder_column fusion-builder-column-3 fusion_builder_column_1_3 1_3 fusion-flex-column fusion-flex-align-self-center\" style=\"--awb-bg-size:cover;--awb-width-large:33.333333333333%;--awb-margin-top-large:0px;--awb-spacing-right-large:5.76%;--awb-margin-bottom-large:20px;--awb-spacing-left-large:5.76%;--awb-width-medium:33.333333333333%;--awb-order-medium:0;--awb-spacing-right-medium:5.76%;--awb-spacing-left-medium:5.76%;--awb-width-small:100%;--awb-order-small:0;--awb-spacing-right-small:1.92%;--awb-spacing-left-small:1.92%;\" data-scroll-devices=\"small-visibility,medium-visibility,large-visibility\"><div class=\"fusion-column-wrapper fusion-column-has-shadow fusion-flex-justify-content-flex-start fusion-content-layout-column\"><div class=\"fusion-image-element awb-imageframe-style awb-imageframe-style-below awb-imageframe-style-1\" style=\"--awb-caption-title-font-family:var(--body_typography-font-family);--awb-caption-title-font-weight:var(--body_typography-font-weight);--awb-caption-title-font-style:var(--body_typography-font-style);--awb-caption-title-size:var(--body_typography-font-size);--awb-caption-title-transform:var(--body_typography-text-transform);--awb-caption-title-line-height:var(--body_typography-line-height);--awb-caption-title-letter-spacing:var(--body_typography-letter-spacing);\"><span class=\" fusion-imageframe imageframe-none imageframe-1 hover-type-none\"><img decoding=\"async\" width=\"244\" height=\"300\" src=\"https:\/\/cappiello.fr\/wp-content\/uploads\/2025\/11\/atelier1.jpg\" data-orig-src=\"https:\/\/cappiello.fr\/wp-content\/uploads\/2025\/11\/atelier1-244x300.jpg\" alt class=\"lazyload img-responsive wp-image-135767\" srcset=\"data:image\/svg+xml,%3Csvg%20xmlns%3D%27http%3A%2F%2Fwww.w3.org%2F2000%2Fsvg%27%20width%3D%27298%27%20height%3D%27367%27%20viewBox%3D%270%200%20298%20367%27%3E%3Crect%20width%3D%27298%27%20height%3D%27367%27%20fill-opacity%3D%220%22%2F%3E%3C%2Fsvg%3E\" data-srcset=\"https:\/\/cappiello.fr\/wp-content\/uploads\/2025\/11\/atelier1-200x246.jpg 200w, https:\/\/cappiello.fr\/wp-content\/uploads\/2025\/11\/atelier1.jpg 298w\" data-sizes=\"auto\" data-orig-sizes=\"(max-width: 640px) 100vw, 244px\" \/><\/span><div class=\"awb-imageframe-caption-container\"><div class=\"awb-imageframe-caption\"><p class=\"awb-imageframe-caption-text\">Cappiello in his studio<br>194 Bd Malesherbes, Paris, 1902<\/p><\/div><\/div><\/div><\/div><\/div><div class=\"fusion-layout-column fusion_builder_column fusion-builder-column-4 fusion_builder_column_1_1 1_1 fusion-flex-column\" style=\"--awb-bg-size:cover;--awb-width-large:100%;--awb-margin-top-large:0px;--awb-spacing-right-large:1.92%;--awb-margin-bottom-large:20px;--awb-spacing-left-large:1.92%;--awb-width-medium:100%;--awb-order-medium:0;--awb-spacing-right-medium:1.92%;--awb-spacing-left-medium:1.92%;--awb-width-small:100%;--awb-order-small:0;--awb-spacing-right-small:1.92%;--awb-spacing-left-small:1.92%;\"><div class=\"fusion-column-wrapper fusion-column-has-shadow fusion-flex-justify-content-flex-start fusion-content-layout-column\"><div class=\"fusion-title title fusion-title-3 fusion-sep-none fusion-title-text fusion-title-size-two\" style=\"--awb-margin-top-small:10px;--awb-margin-right-small:0px;--awb-margin-bottom-small:10px;--awb-margin-left-small:0px;\"><h2 class=\"fusion-title-heading title-heading-left fusion-responsive-typography-calculated\" style=\"margin:0;--fontSize:50;line-height:var(--awb-typography1-line-height);\">The immigrant<\/h2><\/div><div class=\"fusion-text fusion-text-2 fusion-text-no-margin\" style=\"--awb-margin-top:20px;--awb-margin-bottom:20px;\"><div align=\"justify\">It&#8217;s no coincidence that Cappiello came to live in France. At the time, Paris was the world capital of the arts. Sooner or later, he was bound to spend some time there. Here is his account, published in October 1932 in the &#8220;Bravo&#8221; newspaper.   <\/div>\n<\/div><div class=\"fusion-testimonials classic awb-speech-bubble-show fusion-testimonials-1\" style=\"--awb-textcolor:var(--awb-custom_color_1);--awb-backgroundcolor:var(--awb-color3);--awb-testimonial-border-style:solid;--awb-testimonial-border-color:var(--awb-color6);--awb-navigation-size:12px;--awb-border-top-left-radius:10px;--awb-border-top-right-radius:10px;--awb-border-bottom-left-radius:10px;--awb-border-bottom-right-radius:10px;--testimonial-border-width-top:5px;--testimonial-border-width-right:5px;--testimonial-border-width-bottom:5px;--testimonial-border-width-left:5px;\" data-random=\"0\" data-speed=\"4000\"><div class=\"reviews\"><div class=\"review active-testimonial alignment-left no-avatar\"><blockquote><div class=\"awb-quote awb-testimonial-icon\"><i class=\"awb-t-icon-left fusion-prefix-dispensary-arrow-right\"><\/i><div class=\"awb-quote-content\">\n<p style=\"text-align: left;\" align=\"center\">Paris, the city where we think the most, where we work the most&#8230;<\/p>\n<p align=\"justify\">It was, I think, in April or May 1897, that I arrived in Paris on the day when the fire at the Bazar de la Charit\u00e9 plunged the whole city into consternation. In the streets, people&#8217;s faces were in awe, in stark contrast to the splendor of that radiant spring day. <\/p>\n<p align=\"justify\">I had come to spend a month as a tourist, as an amateur. I stayed for thirty-five years. That, it seems, would be enough to express the hold Paris has had on me. Although there&#8217;s always a certain modesty in expressing deep, intimate feelings, I confess, as you wish, that I love France as a lover loves his beloved. I love her for her beauty, for her spirit, for her harmony and generosity. I love it for its great love of Art. I don&#8217;t think there&#8217;s a country in the world where an artist is welcomed, appreciated, encouraged as in France &#8211; and in writing these few lines, I&#8217;m evoking one of the sweetest, most moving memories of my life: the affectionate welcome I received from all my comrades who were the most illustrious artists of the time, and the friendship that has bound us together ever since.      <\/p>\n<p align=\"justify\">I was 21 and crazy about all the beauty I was discovering. Paris offered too many subjects to the tourist I was for the artist not to use and enjoy. Seduced by the indefinable, witty charm of Parisian women, I became passionate about writing it down in synthetic drawings. I showed them to friends who advised me to publish them. I took them to Le <em>Rire<\/em>, which published them immediately. The <em>Revue Blanche<\/em> then asked me to do an album on actresses. Marcel Pr\u00e9vost wrote the foreword. You can imagine my delight! The critics and columnists gave it an unforgettable reception.        <\/p>\n<p align=\"justify\">Henri Letellier, then director of the <em>Journal<\/em>, asked me to collaborate regularly every Sunday, and in this connection I remember a charming lunch at Larue&#8217;s, where the great Caran d&#8217;Ache, with his usual kindness, tried to persuade the little draftsman that I was to accept this collaboration, something I didn&#8217;t dare to do out of shyness.<\/p>\n<p align=\"justify\">This was back in &#8217;99. After <em>Le<\/em> <em>Journal<\/em>, <em>Le<\/em> <em>Figaro<\/em>, the posters, etc., etc., and everywhere the same cordiality, the same simplicity. <\/p>\n<p align=\"justify\">The smallest gifts<em>,<\/em> in whatever branch of human activity, are developed and multiplied in France. Through the love and taste it has for this constant creation of thought, a brain never remains without evolving, without growing. <\/p>\n<p align=\"justify\">The whole world suffers from its luminous radiance and influence, to such an extent that every manifestation of human genius comes to it for a kind of spiritual sanction.<\/p>\n<p align=\"justify\">It enlightens, but never blinds.<\/p>\n<p align=\"justify\">If I&#8217;m asked what part Paris plays in my impression of France, I&#8217;ll answer: Paris immediately struck me as the place where the elite meet, and whose exchanges give it its profound and exceptional spirit. The most proportioned, the most sumptuous, and at the same time the most intimate setting, it is the city where people think the most and work the most. <\/p>\n<p align=\"justify\">Can we fail to be moved by its beauty every time we follow this triumphal march from the Bastille to the Etoile?&#8221;<\/p>\n<\/div><\/div><span class=\"awb-triangle\"><\/span><\/blockquote><div class=\"author\"><span class=\"company-name\"><\/span><\/div><\/div><\/div><\/div><div class=\"fusion-title title fusion-title-4 fusion-sep-none fusion-title-text fusion-title-size-two\" style=\"--awb-margin-top-small:10px;--awb-margin-right-small:0px;--awb-margin-bottom-small:10px;--awb-margin-left-small:0px;\"><h2 class=\"fusion-title-heading title-heading-left fusion-responsive-typography-calculated\" style=\"margin:0;--fontSize:50;line-height:var(--awb-typography1-line-height);\">The work<\/h2><\/div><\/div><\/div><div class=\"fusion-layout-column fusion_builder_column fusion-builder-column-5 fusion_builder_column_2_3 2_3 fusion-flex-column\" style=\"--awb-bg-size:cover;--awb-width-large:66.666666666667%;--awb-margin-top-large:0px;--awb-spacing-right-large:2.88%;--awb-margin-bottom-large:20px;--awb-spacing-left-large:2.88%;--awb-width-medium:66.666666666667%;--awb-order-medium:0;--awb-spacing-right-medium:2.88%;--awb-spacing-left-medium:2.88%;--awb-width-small:100%;--awb-order-small:0;--awb-spacing-right-small:1.92%;--awb-spacing-left-small:1.92%;\"><div class=\"fusion-column-wrapper fusion-column-has-shadow fusion-flex-justify-content-flex-start fusion-content-layout-column\"><div class=\"fusion-text fusion-text-3\"><div class=\"bio_line\">\n<div class=\"bio_date\">1886<\/div>\n<div>First paintings: a portrait of a man and another of a woman (unlocated). He continues his schooling in Livorno; his notebooks are filled with sketches. He starts copying old engravings.  <\/div>\n<\/div>\n<div class=\"bio_line\">\n<div class=\"bio_date\">1892<\/div>\n<div>Although Cappiello did not attend an art school or private studio, he knew most of the painters working in Livorno and Tuscany at the time. He exhibited a large canvas for the first time in Florence: Femme dans un int\u00e9rieur (Livourne, Museo Municipale G. Fattori). <\/div>\n<\/div>\n<div class=\"bio_line\">\n<div class=\"bio_date\">1896<\/div>\n<div>First album of caricatures: Lanterna Magica. Illustrates a dance card (lost). <\/div>\n<\/div>\n<div class=\"bio_line\">\n<div class=\"bio_date\">1898<\/div>\n<div>Spring: Cappiello arrives in Paris to visit his brother, who works at the Stock Exchange. Brief return to Livorno for the death of his father. June: return to Paris, where he meets Puccini and the actor Novelli.<x id=\"gid_0\"><\/x>July: publication of his first two caricatures in <g id=\"gid_1\">Le Rire<\/g>: <g id=\"gid_2\"><g id=\"gid_3\">Puccini<\/g><\/g> and <g id=\"gid_4\">Novelli<\/g>. Start of the <em>Les Contemporaines<\/em> series in <em>Le Rire<\/em>. First caricature of <em>R\u00e9jane<\/em> on the cover of Le <em>Rire<\/em>. First caricatures in <em>Le Cri de Paris (Polin, Polaire&#8230;)<\/em>.     <\/div>\n<\/div>\n<div class=\"bio_line\">\n<div class=\"bio_date\">1899<\/div>\n<div>First drawings in <em>La Rampe<\/em> and <em>Le Sourire<\/em>. Caricature statuettes: <em><a title=\"Cartoons\" href=\"https:\/\/cappiello.fr\/en\/caricatures\/#granier\">Yvette Guilbert<\/a>, <a title=\"Cartoons\" href=\"https:\/\/cappiello.fr\/en\/caricatures\/#granier\">Jeanne Granier<\/a>, R\u00e9jane<\/em>.<br \/>\nLate May or early June: <em>Nos Actrices<\/em>, an album of character portraits published by <em>Revue Blanche<\/em>. First poster for <em>Le <a href=\"https:\/\/cappiello.fr\/en\/produit\/frou-frou-le-3\/\">Frou-Frou<\/a><\/em>. He meets<br \/>\nToulouse-Lautrec.   <\/div>\n<\/div>\n<div class=\"bio_line\">\n<div class=\"bio_date\">1900<\/div>\n<div>First drawings in <em>Le Journal (Sarah Bernhardt in &#8220;L&#8217;Aiglon&#8221;).<\/em> Two posters in particular make him a household name: <em>Le <a href=\"https:\/\/cappiello.fr\/en\/produit\/cachou-lajaunie-3\/\">Cachou Lajaunie<\/a><\/em> and <a href=\"https:\/\/cappiello.fr\/en\/produit\/amandines-de-provence-2\/\"><em>Les Amandines de Provence<\/em><\/a>. <\/div>\n<\/div>\n<div class=\"bio_line\">\n<div class=\"bio_date\">1901<\/div>\n<div>First drawings in <em>Le Figaro<\/em>. Two caricatures in <em>L&#8217;Assiette au Beurre<\/em>.<br \/>\nSignificant poster activity: <em><a href=\"https:\/\/cappiello.fr\/en\/produit\/corset-le-furet-2\/\">Corset le Furet<\/a>, <a href=\"https:\/\/cappiello.fr\/en\/produit\/odette-dulac\/\">Odette Dulac<\/a>, <a href=\"https:\/\/cappiello.fr\/en\/produit\/marquisette-la-2\/\">La Marquisette<\/a><\/em>&#8230; <\/div>\n<\/div>\n<div class=\"bio_line\">\n<div class=\"bio_date\">1902<\/div>\n<div>Posters: <em>R\u00e9jane&#8217;s comeback in &#8221; <a href=\"https:\/\/cappiello.fr\/en\/produit\/theatre-3\/\">La Passerelle<\/a> &#8220;, <a href=\"https:\/\/cappiello.fr\/en\/produit\/folies-bergere-3\/\">Louise Balthy at the Folies Berg\u00e8res<\/a><\/em>.<br \/>\nNovember 28: <em>Gens du Monde<\/em>, special issue of <em>L&#8217;Assiette au Beurre<\/em>.<\/div>\n<\/div>\n<div class=\"bio_line\">\n<div class=\"bio_date\">1903<\/div>\n<div>April: <em>Le Th\u00e9\u00e2tre de Cappiello<\/em>, special issue of <em>Le Th\u00e9\u00e2tre<\/em> magazine. Designs poster for <em><a title=\"Posters\" href=\"https:\/\/cappiello.fr\/en\/produit\/chocolat-klaus-2\/\">Klaus Chocolate<\/a><\/em>a veritable revolution in advertising art, followed by <em><a href=\"https:\/\/cappiello.fr\/en\/produit\/katabexine-2\/\">Katabexine<\/a> and Le P&#8217;tit Jeune Homme<\/em>. <\/div>\n<\/div>\n<div class=\"bio_line\">\n<div class=\"bio_date\">1904<\/div>\n<div>\n<div>January: <em>Les Contemporains c\u00e9l\u00e8bres<\/em>, first series, advertising album for the Lef\u00e8vre-Utile firm, illustrated with 18 caricatures by Cappiello.<\/div>\n<div>Cappiello abandons caricature almost entirely, devoting himself essentially to posters.<\/div>\n<div>Posters for <a href=\"https:\/\/cappiello.fr\/en\/produit\/polaire-le-friquet-2\/\">Le Friquet<\/a>, <a href=\"https:\/\/cappiello.fr\/en\/produit\/pedro-domecq-2\/\">X\u00e9res Pedro Domecq<\/a>, <a title=\"Cartoons\" href=\"https:\/\/cappiello.fr\/en\/produit\/nouilles-macaronis\/\">Nouilles Ferrari<\/a>.<\/div>\n<\/div>\n<\/div>\n<div class=\"bio_line\">\n<div class=\"bio_date\">1905<\/div>\n<div><em>70 drawings by Cappiello<\/em>, a collection of previously published press cartoons, edited by H. Floury. Portraits of<em>Albert Emile Sorel<\/em> and <em>Madame Lucien M\u00fchlfeld<\/em>. Posters for<em>Anis Infernal, <a href=\"https:\/\/cappiello.fr\/en\/produit\/portofino-kulm\/\">Portofino-Kulm<\/a>, <a href=\"https:\/\/cappiello.fr\/en\/produit\/bijoux-colin-2\/\">Bijoux Colin<\/a>, <a href=\"https:\/\/cappiello.fr\/en\/produit\/fleur-des-neiges\/\">Fleur des Neiges<\/a><\/em>.  <\/div>\n<\/div>\n<div class=\"bio_line\">\n<div class=\"bio_date\">1906<\/div>\n<div>Numerous posters:  <em><a href=\"https:\/\/cappiello.fr\/en\/produit\/menthe-pastille-5\/\">Menthe-Pastille<\/a>, <a href=\"https:\/\/cappiello.fr\/en\/produit\/esperantine-2\/\">Esperantine<\/a>, <a href=\"https:\/\/cappiello.fr\/en\/produit\/pneu-continental-2\/\">Pneu Continental<\/a>, <a href=\"https:\/\/cappiello.fr\/en\/produit\/pneumatiques-torrilhon-3\/\">Torrilhon<\/a>, <a href=\"https:\/\/cappiello.fr\/en\/produit\/cognac-albert-robin-2\/\">Cognac Albert Robin<\/a>.<\/em><\/div>\n<\/div>\n<div class=\"bio_line\">\n<div class=\"bio_date\">1907<\/div>\n<div>Decoration of Louis Dreyfus&#8217;s villa in Saint-Germain-en-Laye. Numerous portraits. Important posters: <em><a href=\"https:\/\/cappiello.fr\/en\/produit\/angelus-2\/\">Ang\u00e9lus<\/a>, <a href=\"https:\/\/cappiello.fr\/en\/produit\/triple-sec-fournier\/\">Triple Sec Fournier<\/a>, <a title=\"Posters\" href=\"https:\/\/cappiello.fr\/en\/produit\/maurin-quina\/\">Maurin-Quina<\/a><\/em>. Sets out his theory of the poster in <em>Publicit\u00e9 Moderne.<\/em>   <\/div>\n<\/div>\n<div class=\"bio_line\">\n<div class=\"bio_date\">1908<\/div>\n<div>Exhibits a portrait of <em>Paul Adam<\/em>, his brother-in-law, at the Salon de la Com\u00e9die Humaine. Member of the organizing committee for the<sup>2nd<\/sup> Salon des Humoristes, where he exhibits. Posters for<em><a href=\"https:\/\/cappiello.fr\/en\/produit\/source-parot\/\"> Source Parot<\/a>, <a href=\"https:\/\/cappiello.fr\/en\/produit\/xerez-quina-ruiz\/\">X\u00e9res Quina Ruiz<\/a><\/em>.  <\/div>\n<\/div>\n<div class=\"bio_line\">\n<div class=\"bio_date\">1909<\/div>\n<div>Exhibits <em>Portrait of his wife and two children<\/em> at the Soci\u00e9t\u00e9 Nationale des Beaux-Arts (Livorno Museum), then at the Salon des Humoristes. Posters for <em>Pippermint<\/em><em>, <a href=\"https:\/\/cappiello.fr\/en\/produit\/fernet-branca-2\/\">Fernet-Branca<\/a><\/em>, numerous posters published by Vercasson in South America. <\/div>\n<\/div>\n<div class=\"bio_line\">\n<div class=\"bio_date\">1910<\/div>\n<div>Exhibits at the Soci\u00e9t\u00e9 Nationale des Beaux-Arts the portrait of<em><a title=\"Portraits\" href=\"https:\/\/cappiello.fr\/portraits\/#regnier\">Henri de R\u00e9gnier<\/a><\/em> (Mus\u00e9e d&#8217;Orsay). Famous poster for <em><a title=\"Posters\" href=\"https:\/\/cappiello.fr\/en\/produit\/cinzano-10\/\">Cinzano<\/a><\/em>. <\/div>\n<\/div>\n<\/div><\/div><\/div><div class=\"fusion-layout-column fusion_builder_column fusion-builder-column-6 fusion_builder_column_1_3 1_3 fusion-flex-column fusion-flex-align-self-center\" style=\"--awb-bg-size:cover;--awb-width-large:33.333333333333%;--awb-margin-top-large:0px;--awb-spacing-right-large:5.76%;--awb-margin-bottom-large:20px;--awb-spacing-left-large:5.76%;--awb-width-medium:33.333333333333%;--awb-order-medium:0;--awb-spacing-right-medium:5.76%;--awb-spacing-left-medium:5.76%;--awb-width-small:100%;--awb-order-small:0;--awb-spacing-right-small:1.92%;--awb-spacing-left-small:1.92%;\" data-scroll-devices=\"small-visibility,medium-visibility,large-visibility\"><div class=\"fusion-column-wrapper fusion-column-has-shadow fusion-flex-justify-content-flex-start fusion-content-layout-column\"><div class=\"fusion-image-element awb-imageframe-style awb-imageframe-style-below awb-imageframe-style-2\" style=\"text-align:center;--awb-caption-title-font-family:var(--body_typography-font-family);--awb-caption-title-font-weight:var(--body_typography-font-weight);--awb-caption-title-font-style:var(--body_typography-font-style);--awb-caption-title-size:var(--body_typography-font-size);--awb-caption-title-transform:var(--body_typography-text-transform);--awb-caption-title-line-height:var(--body_typography-line-height);--awb-caption-title-letter-spacing:var(--body_typography-letter-spacing);\"><span class=\" fusion-imageframe imageframe-none imageframe-2 hover-type-none\"><img decoding=\"async\" width=\"380\" height=\"883\" alt=\"Cappiello by himself in 1904\" src=\"https:\/\/cappiello.fr\/wp-content\/uploads\/2025\/11\/Cappiello_28_ans1.jpg\" data-orig-src=\"https:\/\/cappiello.fr\/wp-content\/uploads\/2025\/11\/Cappiello_28_ans1.jpg\" class=\"lazyload img-responsive wp-image-135768\" srcset=\"data:image\/svg+xml,%3Csvg%20xmlns%3D%27http%3A%2F%2Fwww.w3.org%2F2000%2Fsvg%27%20width%3D%27380%27%20height%3D%27883%27%20viewBox%3D%270%200%20380%20883%27%3E%3Crect%20width%3D%27380%27%20height%3D%27883%27%20fill-opacity%3D%220%22%2F%3E%3C%2Fsvg%3E\" data-srcset=\"https:\/\/cappiello.fr\/wp-content\/uploads\/2025\/11\/Cappiello_28_ans1-200x465.jpg 200w, https:\/\/cappiello.fr\/wp-content\/uploads\/2025\/11\/Cappiello_28_ans1.jpg 380w\" data-sizes=\"auto\" data-orig-sizes=\"(max-width: 640px) 100vw, 380px\" \/><\/span><div class=\"awb-imageframe-caption-container\"><div class=\"awb-imageframe-caption\"><p class=\"awb-imageframe-caption-text\">Cappiello by himself in 1904<\/p><\/div><\/div><\/div><\/div><\/div><\/div><\/div><div class=\"fusion-fullwidth fullwidth-box fusion-builder-row-3 fusion-flex-container has-pattern-background has-mask-background nonhundred-percent-fullwidth non-hundred-percent-height-scrolling\" style=\"--awb-border-radius-top-left:0px;--awb-border-radius-top-right:0px;--awb-border-radius-bottom-right:0px;--awb-border-radius-bottom-left:0px;--awb-background-color:#fffbf4;--awb-flex-wrap:wrap;\" ><div class=\"fusion-builder-row fusion-row fusion-flex-align-items-flex-start fusion-flex-content-wrap\" style=\"max-width:1268.8px;margin-left: calc(-4% \/ 2 );margin-right: calc(-4% \/ 2 );\"><div class=\"fusion-layout-column fusion_builder_column fusion-builder-column-7 fusion_builder_column_2_3 2_3 fusion-flex-column\" style=\"--awb-bg-size:cover;--awb-width-large:66.666666666667%;--awb-margin-top-large:0px;--awb-spacing-right-large:2.88%;--awb-margin-bottom-large:20px;--awb-spacing-left-large:2.88%;--awb-width-medium:66.666666666667%;--awb-order-medium:0;--awb-spacing-right-medium:2.88%;--awb-spacing-left-medium:2.88%;--awb-width-small:100%;--awb-order-small:0;--awb-spacing-right-small:1.92%;--awb-spacing-left-small:1.92%;\"><div class=\"fusion-column-wrapper fusion-column-has-shadow fusion-flex-justify-content-flex-start fusion-content-layout-column\"><div class=\"fusion-text fusion-text-4\"><div class=\"bio_line\">\n<div class=\"bio_date\">1911<\/div>\n<div>New contract with Vercasson. He makes a large number of posters: <em><a href=\"https:\/\/cappiello.fr\/en\/produit\/vittel-grande-source-2\/\">Vittel Grande Source<\/a>, <a href=\"https:\/\/cappiello.fr\/en\/produit\/longines-2\/\">Longines<\/a>, <a href=\"https:\/\/cappiello.fr\/en\/produit\/oxo-3\/\">Oxo<\/a>, <a href=\"https:\/\/cappiello.fr\/en\/produit\/cinzano-6\/\">Florio<\/a><\/em> and above all the famous <em><a title=\"Posters\" href=\"https:\/\/cappiello.fr\/en\/produit\/chocolat-28\/\">Chocolat Poulain<\/a><\/em>. <\/div>\n<\/div>\n<div class=\"bio_line\">\n<div class=\"bio_date\">1912<\/div>\n<div>Decorates the tea room, reading room and smoking room at Galeries La Fayette. Numerous posters: <em><a href=\"https:\/\/cappiello.fr\/en\/produit\/anisette-marie-brizard-2\/\">Marie Brizard<\/a>, <a href=\"https:\/\/cappiello.fr\/en\/produit\/je-ne-fume-que-le-nil\/\">Le Nil<\/a>, <a href=\"https:\/\/cappiello.fr\/en\/produit\/biere-6\/\">Bi\u00e8re du Fort-Carr\u00e9<\/a>, Sacha Guitry Jean III.<\/em> <\/div>\n<\/div>\n<div class=\"bio_line\">\n<div class=\"bio_date\">1913<\/div>\n<div>Numerous posters:  <em><a href=\"https:\/\/cappiello.fr\/en\/produit\/villiod\/\">Villiod<\/a>, <a href=\"https:\/\/cappiello.fr\/en\/produit\/cigarettes-bastos\/\">Cigarettes Bastos<\/a>, <a href=\"https:\/\/cappiello.fr\/en\/produit\/visseaux-3\/\">Lampe Visseaux<\/a>, <a href=\"https:\/\/cappiello.fr\/en\/produit\/chaussures-6\/\">Chaussures Unic<\/a>.<\/em><\/div>\n<\/div>\n<div class=\"bio_line\">\n<div class=\"bio_date\">1914<\/div>\n<div>Some posters: <em><a href=\"https:\/\/cappiello.fr\/en\/produit\/exposition-internationale\/\">Lyon International Exhibition<\/a>, <a href=\"https:\/\/cappiello.fr\/en\/produit\/leclair\/\">l&#8217;Eclair<\/a><\/em>.<\/div>\n<\/div>\n<div class=\"bio_line\">\n<div class=\"bio_date\">1915<\/div>\n<div>Publishes a few etchings on the war and contributes to <em>La Ba\u00efonnette<\/em>, Le <em>Rire<\/em> and <em>Fontasio<\/em>.<\/div>\n<\/div>\n<div class=\"bio_line\">\n<div class=\"bio_date\">1916<\/div>\n<div>Cover of the first edition of Apollinaire&#8217;s<em> Po\u00e8te Assassin\u00e9<\/em>. Some posters:<em> Le Trait-d&#8217;Union Franco-Italien, <a href=\"https:\/\/cappiello.fr\/en\/produit\/thermo-bloc-le-2\/\">Thermo-Bloc<\/a>.<\/em> <\/div>\n<\/div>\n<div class=\"bio_line\">\n<div class=\"bio_date\">1919<\/div>\n<div>Starts working with Devambez. Some posters: <em><a href=\"https:\/\/cappiello.fr\/en\/produit\/avenir-de-paris-l\/\">L&#8217;Avenir<\/a>, Poudre de Luzy<\/em>. <\/div>\n<\/div>\n<div class=\"bio_line\">\n<div class=\"bio_date\">1920<\/div>\n<div>He is again a member of the Salon des Humoristes committee. Exhibits at the<sup>1st<\/sup> Salon de la Publicit\u00e9 and in Beauvais at the Salon de l&#8217;Affiche. Numerous posters: in particular <em><a title=\"Posters\" href=\"https:\/\/cappiello.fr\/en\/produit\/blanchisseries-franco-americaines\/\">Blanchisseries Franco-Am\u00e9ricaines<\/a>, <a href=\"https:\/\/cappiello.fr\/en\/produit\/mistinguett-casino-de-paris-2\/\">Mistinguett<\/a>, <a href=\"https:\/\/cappiello.fr\/en\/produit\/robur-2\/\">Robur<\/a>, <a href=\"https:\/\/cappiello.fr\/en\/produit\/cachou-lajaunie\/\">Cachou Lajaunie<\/a>.<\/em> Decoration of a grocery store on rue Jean Goujon.  <\/div>\n<\/div>\n<\/div><\/div><\/div><div class=\"fusion-layout-column fusion_builder_column fusion-builder-column-8 fusion_builder_column_1_3 1_3 fusion-flex-column fusion-flex-align-self-center\" style=\"--awb-bg-size:cover;--awb-width-large:33.333333333333%;--awb-margin-top-large:0px;--awb-spacing-right-large:5.76%;--awb-margin-bottom-large:20px;--awb-spacing-left-large:5.76%;--awb-width-medium:33.333333333333%;--awb-order-medium:0;--awb-spacing-right-medium:5.76%;--awb-spacing-left-medium:5.76%;--awb-width-small:100%;--awb-order-small:0;--awb-spacing-right-small:1.92%;--awb-spacing-left-small:1.92%;\" data-scroll-devices=\"small-visibility,medium-visibility,large-visibility\"><div class=\"fusion-column-wrapper fusion-column-has-shadow fusion-flex-justify-content-flex-start fusion-content-layout-column\"><div class=\"fusion-image-element awb-imageframe-style awb-imageframe-style-below awb-imageframe-style-3\" style=\"text-align:center;--awb-caption-title-font-family:var(--body_typography-font-family);--awb-caption-title-font-weight:var(--body_typography-font-weight);--awb-caption-title-font-style:var(--body_typography-font-style);--awb-caption-title-size:var(--body_typography-font-size);--awb-caption-title-transform:var(--body_typography-text-transform);--awb-caption-title-line-height:var(--body_typography-line-height);--awb-caption-title-letter-spacing:var(--body_typography-letter-spacing);\"><span class=\" fusion-imageframe imageframe-none imageframe-3 hover-type-none\"><img decoding=\"async\" width=\"209\" height=\"326\" alt=\"Cappiello around age 39\" src=\"https:\/\/cappiello.fr\/wp-content\/uploads\/2025\/11\/Cappiello_39ans1.jpg\" data-orig-src=\"https:\/\/cappiello.fr\/wp-content\/uploads\/2025\/11\/Cappiello_39ans1.jpg\" class=\"lazyload img-responsive wp-image-135769\" srcset=\"data:image\/svg+xml,%3Csvg%20xmlns%3D%27http%3A%2F%2Fwww.w3.org%2F2000%2Fsvg%27%20width%3D%27209%27%20height%3D%27326%27%20viewBox%3D%270%200%20209%20326%27%3E%3Crect%20width%3D%27209%27%20height%3D%27326%27%20fill-opacity%3D%220%22%2F%3E%3C%2Fsvg%3E\" data-srcset=\"https:\/\/cappiello.fr\/wp-content\/uploads\/2025\/11\/Cappiello_39ans1-200x312.jpg 200w, https:\/\/cappiello.fr\/wp-content\/uploads\/2025\/11\/Cappiello_39ans1.jpg 209w\" data-sizes=\"auto\" data-orig-sizes=\"(max-width: 640px) 100vw, 209px\" \/><\/span><div class=\"awb-imageframe-caption-container\"><div class=\"awb-imageframe-caption\"><p class=\"awb-imageframe-caption-text\">Cappiello around age 39<\/p><\/div><\/div><\/div><\/div><\/div><\/div><\/div><div class=\"fusion-fullwidth fullwidth-box fusion-builder-row-4 fusion-flex-container has-pattern-background has-mask-background nonhundred-percent-fullwidth non-hundred-percent-height-scrolling\" style=\"--awb-border-radius-top-left:0px;--awb-border-radius-top-right:0px;--awb-border-radius-bottom-right:0px;--awb-border-radius-bottom-left:0px;--awb-background-color:#fffbf4;--awb-flex-wrap:wrap;\" ><div class=\"fusion-builder-row fusion-row fusion-flex-align-items-flex-start fusion-flex-content-wrap\" style=\"max-width:1268.8px;margin-left: calc(-4% \/ 2 );margin-right: calc(-4% \/ 2 );\"><div class=\"fusion-layout-column fusion_builder_column fusion-builder-column-9 fusion_builder_column_2_3 2_3 fusion-flex-column\" style=\"--awb-bg-size:cover;--awb-width-large:66.666666666667%;--awb-margin-top-large:0px;--awb-spacing-right-large:2.88%;--awb-margin-bottom-large:20px;--awb-spacing-left-large:2.88%;--awb-width-medium:66.666666666667%;--awb-order-medium:0;--awb-spacing-right-medium:2.88%;--awb-spacing-left-medium:2.88%;--awb-width-small:100%;--awb-order-small:0;--awb-spacing-right-small:1.92%;--awb-spacing-left-small:1.92%;\"><div class=\"fusion-column-wrapper fusion-column-has-shadow fusion-flex-justify-content-flex-start fusion-content-layout-column\"><div class=\"fusion-text fusion-text-5\"><div class=\"bio_line\">\n<div class=\"bio_date\">1921<\/div>\n<div>Won a lawsuit against Chocolat Poulain, which had partially reproduced and modified his poster. Numerous posters for France and Italy, <em><a title=\"Posters\" href=\"https:\/\/cappiello.fr\/en\/produit\/campari-4\/\">Bitter Campari<\/a>, <a title=\"Posters\" href=\"https:\/\/cappiello.fr\/en\/produit\/cafe-20\/\">Caf\u00e9 Martin<\/a>, <a href=\"https:\/\/cappiello.fr\/en\/produit\/impermeabili-pirelli\/\">Imperm\u00e9ables Pirelli<\/a> <\/em>. In November 1921, he signs an exclusive contract with Devambez, the sole dealer for Nouvelles Affiches Cappiello. <\/div>\n<\/div>\n<div class=\"bio_line\">\n<div class=\"bio_date\">1922<\/div>\n<div>Exhibits poster models at the Venice Biennale and at the French Institute in New York. Numerous posters in France and Italy: <em><a href=\"https:\/\/cappiello.fr\/en\/produit\/exposition-coloniale-marseille-1922-2\/\">Exposition Coloniale de Marseille<\/a>, <a href=\"https:\/\/cappiello.fr\/en\/produit\/parapluie-revel\/\">Parapluie-Revel<\/a>, <a href=\"https:\/\/cappiello.fr\/en\/produit\/poccardi-gds-restaurants\/\">Restaurant Poccardi<\/a>.<\/em> <\/div>\n<\/div>\n<div class=\"bio_line\">\n<div class=\"bio_date\">1923<\/div>\n<div>February-March: private exhibition of all his work at Devambez. Posters for the opening of the <em><a href=\"https:\/\/cappiello.fr\/en\/produit\/theatre-de-letoile-2\/\">Th\u00e9\u00e2tre de l&#8217;Etoile<\/a>, P\u00e2tes Ferrand-Renaud, <a href=\"https:\/\/cappiello.fr\/en\/produit\/royat-guerit\/\">Royat<\/a><\/em>. <\/div>\n<\/div>\n<div class=\"bio_line\">\n<div class=\"bio_date\">1924<\/div>\n<div>Posters for France, Italy and Spain: <em><a href=\"https:\/\/cappiello.fr\/en\/produit\/ricqles-2\/\">Ricql\u00e8s<\/a>, <a href=\"https:\/\/cappiello.fr\/en\/produit\/iberia\/\">Caf\u00e9 con Leche Iberia<\/a>, <a href=\"https:\/\/cappiello.fr\/en\/produit\/bal-de-la-couture\/\">Bal de la Couture Parisienne<\/a><\/em>.<\/div>\n<\/div>\n<div class=\"bio_line\">\n<div class=\"bio_date\">1925<\/div>\n<div>Posters for  <em><a href=\"https:\/\/cappiello.fr\/en\/produit\/peugeot-3\/\">Peugeot<\/a>, <a href=\"https:\/\/cappiello.fr\/en\/produit\/tana\/\">Tana<\/a>, <a href=\"https:\/\/cappiello.fr\/en\/produit\/biscotti-wamar\/\">Biscotti Wamar<\/a>, L&#8217;Electrification, <a href=\"https:\/\/cappiello.fr\/en\/produit\/studebaker\/\">Studebaker<\/a>.<\/em><\/div>\n<\/div>\n<div class=\"bio_line\">\n<div class=\"bio_date\">1926<\/div>\n<div>Posters for <em><a href=\"https:\/\/cappiello.fr\/en\/produit\/cigarettes-louis-doize-3\/\">Louis Doize<\/a><\/em> cigarettes <em>, <a href=\"https:\/\/cappiello.fr\/en\/produit\/abatilles\/\">l&#8217;Eau des Abatilles<\/a>, La Baule.<\/em><\/div>\n<\/div>\n<div class=\"bio_line\">\n<div class=\"bio_date\">1927<\/div>\n<div>Posters for<em>Laurens<\/em> <a href=\"https:\/\/cappiello.fr\/en\/produit\/cigarettes-laurens-2\/\">cigarettes <\/a><em>, <a href=\"https:\/\/cappiello.fr\/en\/produit\/lane-borgosesia\/\">Lane Borgosesia<\/a>.<\/em><\/div>\n<\/div>\n<div class=\"bio_line\">\n<div class=\"bio_date\">1928<\/div>\n<div>Designs ballet sets and costumes, first for Sacha Guitry, then for Leonide Massine. <em>Self-portrait<\/em> commissioned by the Uffizi Gallery in Florence. Posters for <em><a href=\"https:\/\/cappiello.fr\/en\/produit\/ami-du-peuple-l-2\/\">L&#8217;Ami du Peuple<\/a>, <a href=\"https:\/\/cappiello.fr\/en\/produit\/becuwe-6\/\">Becuwe<\/a>.<\/em> <\/div>\n<\/div>\n<div class=\"bio_line\">\n<div class=\"bio_date\">1929<\/div>\n<div>Important posters for <a href=\"https:\/\/cappiello.fr\/en\/produit\/savora-2\/\"><em>Savora<\/em><\/a><\/div>\n<\/div>\n<\/div><\/div><\/div><\/div><\/div><div class=\"fusion-fullwidth fullwidth-box fusion-builder-row-5 fusion-flex-container has-pattern-background has-mask-background nonhundred-percent-fullwidth non-hundred-percent-height-scrolling\" style=\"--awb-border-radius-top-left:0px;--awb-border-radius-top-right:0px;--awb-border-radius-bottom-right:0px;--awb-border-radius-bottom-left:0px;--awb-background-color:#fffbf4;--awb-flex-wrap:wrap;\" ><div class=\"fusion-builder-row fusion-row fusion-flex-align-items-flex-start fusion-flex-content-wrap\" style=\"max-width:1268.8px;margin-left: calc(-4% \/ 2 );margin-right: calc(-4% \/ 2 );\"><div class=\"fusion-layout-column fusion_builder_column fusion-builder-column-10 fusion_builder_column_2_3 2_3 fusion-flex-column\" style=\"--awb-bg-size:cover;--awb-width-large:66.666666666667%;--awb-margin-top-large:0px;--awb-spacing-right-large:2.88%;--awb-margin-bottom-large:20px;--awb-spacing-left-large:2.88%;--awb-width-medium:66.666666666667%;--awb-order-medium:0;--awb-spacing-right-medium:2.88%;--awb-spacing-left-medium:2.88%;--awb-width-small:100%;--awb-order-small:0;--awb-spacing-right-small:1.92%;--awb-spacing-left-small:1.92%;\"><div class=\"fusion-column-wrapper fusion-column-has-shadow fusion-flex-justify-content-flex-start fusion-content-layout-column\"><div class=\"fusion-text fusion-text-6\"><div class=\"bio_line\">\n<div class=\"bio_date\">1930<\/div>\n<div>Tapestry cards for the Manufacture Nationale de Beauvais on the theme of parrots.<br \/>\nIllustrates Voltaire&#8217;s<em> The Princess of Babylon<\/em>. Important posters for <em><a href=\"https:\/\/cappiello.fr\/en\/produit\/ocap-2\/\">O Cap<\/a><\/em>, <a href=\"https:\/\/cappiello.fr\/en\/produit\/cuir-le-4\/\"><em>Le Cuir<\/em><\/a> which mark an evolution in his poster art. <\/div>\n<\/div>\n<div class=\"bio_line\">\n<div class=\"bio_date\">1931<\/div>\n<div>Exhibits his <em>Perroquets<\/em> tapestries, made by the Manufacture Nationale de Beauvais, at the Exposition Coloniale. Important poster for the <em><a title=\"Posters\" href=\"https:\/\/cappiello.fr\/en\/produit\/kub-bouillon-3\/\">Bouillon Kub<\/a><\/em>. <\/div>\n<\/div>\n<div class=\"bio_line\">\n<div class=\"bio_date\">1932<\/div>\n<div>Exhibits at the Salon des Humoristes, for which he designs the poster. Poster for <em><a href=\"https:\/\/cappiello.fr\/en\/produit\/dubonnet\/\">Dubonnet<\/a>, Marianne.<\/em> <\/div>\n<\/div>\n<div class=\"bio_line\">\n<div class=\"bio_date\">1933<\/div>\n<div>Posters for <em>Beurre Gautier<\/em>,<em> La<\/em> <em>France de Bordeaux et du Sud-Ouest<\/em>.<\/div>\n<\/div>\n<div class=\"bio_line\">\n<div class=\"bio_date\">1934<\/div>\n<div>Important posters for <em><a href=\"https:\/\/cappiello.fr\/en\/produit\/bally-lyon\/\">Bally<\/a>, <a href=\"https:\/\/cappiello.fr\/en\/produit\/oeuvre-l-2\/\">l&#8217;\u0152uvre<\/a>, <a href=\"https:\/\/cappiello.fr\/en\/produit\/lorrain-le\/\">le Lorrain<\/a>.<\/em><\/div>\n<\/div>\n<div class=\"bio_line\">\n<div class=\"bio_date\">1935<\/div>\n<div><a title=\"Decorations\" href=\"https:\/\/cappiello.fr\/decorations\/#fresque\">Fresco decoration of the bar at Dupont restaurant<\/a>, boulevard Barb\u00e8s. Exhibits at the Salon des Humoristes, participates in the Salon de l&#8217;Enseigne. <\/div>\n<\/div>\n<div class=\"bio_line\">\n<div class=\"bio_date\">1936<\/div>\n<div>Participates in the Milan Triennale and the Exposition de l&#8217;Affiche Fran\u00e7aise in Prague.<\/div>\n<\/div>\n<div class=\"bio_line\">\n<div class=\"bio_date\">1937<\/div>\n<div><em><a title=\"Decorations\" href=\"https:\/\/cappiello.fr\/en\/produit\/force-motrice-la-3\/\">La Force Motrice<\/a><\/em>decoration for the Advertising Pavilion at the 1937 Exposition. Cappiello was Vice-President of the advertising class. Posters for the Exposition <em><a title=\"Posters\" href=\"https:\/\/cappiello.fr\/en\/produit\/paris-4\/\">Paris 1937<\/a> <\/em>and the<em>Welcoming of France.<\/em>  <\/div>\n<\/div>\n<div class=\"bio_line\">\n<div class=\"bio_date\">1938<\/div>\n<div>Exhibits a large canvas, <em>Les Dormeuses<\/em>, at the Salon de la Soci\u00e9t\u00e9 Nationale des Beaux-Arts (Mus\u00e9e des Beaux-Arts de Lyon). Some posters: <em><a title=\"Posters\" href=\"https:\/\/cappiello.fr\/en\/produit\/mossant\/\">Mossant<\/a>, <a href=\"https:\/\/cappiello.fr\/en\/produit\/semaine-nationale-de-lenfance-2\/\">Semaine de l&#8217;enfance<\/a><\/em> <\/div>\n<\/div>\n<div class=\"bio_line\">\n<div class=\"bio_date\">1939<\/div>\n<div>Takes part in the &#8220;<em>Affiche en couleurs de Ch\u00e9ret \u00e0 nos jours&#8221; exhibition<\/em> at the Conservatoire des Arts et M\u00e9tiers.<\/div>\n<\/div>\n<\/div><\/div><\/div><div class=\"fusion-layout-column fusion_builder_column fusion-builder-column-11 fusion_builder_column_1_3 1_3 fusion-flex-column\" style=\"--awb-bg-size:cover;--awb-width-large:33.333333333333%;--awb-margin-top-large:0px;--awb-spacing-right-large:5.76%;--awb-margin-bottom-large:20px;--awb-spacing-left-large:5.76%;--awb-width-medium:33.333333333333%;--awb-order-medium:0;--awb-spacing-right-medium:5.76%;--awb-spacing-left-medium:5.76%;--awb-width-small:100%;--awb-order-small:0;--awb-spacing-right-small:1.92%;--awb-spacing-left-small:1.92%;\"><div class=\"fusion-column-wrapper fusion-column-has-shadow fusion-flex-justify-content-flex-start fusion-content-layout-column\"><div class=\"fusion-image-element awb-imageframe-style awb-imageframe-style-below awb-imageframe-style-4\" style=\"text-align:center;--awb-caption-title-font-family:var(--body_typography-font-family);--awb-caption-title-font-weight:var(--body_typography-font-weight);--awb-caption-title-font-style:var(--body_typography-font-style);--awb-caption-title-size:var(--body_typography-font-size);--awb-caption-title-transform:var(--body_typography-text-transform);--awb-caption-title-line-height:var(--body_typography-line-height);--awb-caption-title-letter-spacing:var(--body_typography-letter-spacing);\"><span class=\" fusion-imageframe imageframe-none imageframe-4 hover-type-none\"><img decoding=\"async\" width=\"300\" height=\"460\" alt=\"Cappiello around the age of 47\" src=\"https:\/\/cappiello.fr\/wp-content\/uploads\/2025\/11\/Cappiello_47_ans1.jpg\" data-orig-src=\"https:\/\/cappiello.fr\/wp-content\/uploads\/2025\/11\/Cappiello_47_ans1.jpg\" class=\"lazyload img-responsive wp-image-135770\" srcset=\"data:image\/svg+xml,%3Csvg%20xmlns%3D%27http%3A%2F%2Fwww.w3.org%2F2000%2Fsvg%27%20width%3D%27300%27%20height%3D%27460%27%20viewBox%3D%270%200%20300%20460%27%3E%3Crect%20width%3D%27300%27%20height%3D%27460%27%20fill-opacity%3D%220%22%2F%3E%3C%2Fsvg%3E\" data-srcset=\"https:\/\/cappiello.fr\/wp-content\/uploads\/2025\/11\/Cappiello_47_ans1-200x307.jpg 200w, https:\/\/cappiello.fr\/wp-content\/uploads\/2025\/11\/Cappiello_47_ans1.jpg 300w\" data-sizes=\"auto\" data-orig-sizes=\"(max-width: 640px) 100vw, 300px\" \/><\/span><div class=\"awb-imageframe-caption-container\"><div class=\"awb-imageframe-caption\"><p class=\"awb-imageframe-caption-text\">Cappiello around the age of 47<\/p><\/div><\/div><\/div><\/div><\/div><\/div><\/div><div class=\"fusion-fullwidth fullwidth-box fusion-builder-row-6 fusion-flex-container has-pattern-background has-mask-background nonhundred-percent-fullwidth non-hundred-percent-height-scrolling\" style=\"--awb-border-radius-top-left:0px;--awb-border-radius-top-right:0px;--awb-border-radius-bottom-right:0px;--awb-border-radius-bottom-left:0px;--awb-background-color:#fffbf4;--awb-flex-wrap:wrap;\" ><div class=\"fusion-builder-row fusion-row fusion-flex-align-items-flex-start fusion-flex-content-wrap\" style=\"max-width:1268.8px;margin-left: calc(-4% \/ 2 );margin-right: calc(-4% \/ 2 );\"><div class=\"fusion-layout-column fusion_builder_column fusion-builder-column-12 fusion_builder_column_1_1 1_1 fusion-flex-column\" style=\"--awb-bg-size:cover;--awb-width-large:100%;--awb-margin-top-large:0px;--awb-spacing-right-large:1.92%;--awb-margin-bottom-large:20px;--awb-spacing-left-large:1.92%;--awb-width-medium:100%;--awb-order-medium:0;--awb-spacing-right-medium:1.92%;--awb-spacing-left-medium:1.92%;--awb-width-small:100%;--awb-order-small:0;--awb-spacing-right-small:1.92%;--awb-spacing-left-small:1.92%;\"><div class=\"fusion-column-wrapper fusion-column-has-shadow fusion-flex-justify-content-flex-start fusion-content-layout-column\"><div class=\"fusion-text fusion-text-7\"><div class=\"bio_line\">\n<div class=\"bio_date\">1941<\/div>\n<div>Series of illustrations of <a title=\"Illustrations\" href=\"https:\/\/cappiello.fr\/illustrations\/#rimbaud\">Rimbaud&#8217;s poems<\/a> (unpublished).<\/div>\n<\/div>\n<div class=\"bio_line\">\n<div class=\"bio_date\">1942<\/div>\n<div>On his death, Cappiello left us a considerable body of work, the subject of numerous exhibitions and retrospectives.<\/div>\n<\/div>\n<div class=\"bio_line\">\n<div class=\"bio_date\">1947<\/div>\n<div>Retrospective at the <a href=\"https:\/\/madparis.fr\/\" target=\"_blank\" rel=\"noopener\">Mus\u00e9e des Arts D\u00e9coratifs<\/a> in Paris.<\/div>\n<\/div>\n<div class=\"bio_line\">\n<div class=\"bio_date\">1960<\/div>\n<div>Retrospective at the Casa della Cultura in Livorno.<\/div>\n<\/div>\n<div class=\"bio_line\">\n<div class=\"bio_date\">1961<\/div>\n<div>Exhibition at the Palais Saint Pierre in Lyon.<\/div>\n<\/div>\n<div class=\"bio_line\">\n<div class=\"bio_date\">1962<\/div>\n<div>Exhibition at the Mus\u00e9e d&#8217;Art et d&#8217;Histoire de Gen\u00e8ve.<\/div>\n<\/div>\n<div class=\"bio_line\">\n<div class=\"bio_date\">1981<\/div>\n<div>Retrospective at the <a href=\"https:\/\/www.grandpalais.fr\/fr\" target=\"_blank\" rel=\"noopener\">Grand Palais<\/a> in Paris.<\/div>\n<\/div>\n<div class=\"bio_line\">\n<div class=\"bio_date\">1993<\/div>\n<div>Exhibition at the Mona Bismark Foundation in Paris.<\/div>\n<\/div>\n<div class=\"bio_line\">\n<div class=\"bio_date\">1994<\/div>\n<div>Exhibition in Saint-R\u00e9my-de-Provence (France).<\/div>\n<\/div>\n<div class=\"bio_line\">\n<div class=\"bio_date\">2003<\/div>\n<div>Exhibition at the Mus\u00e9e des Beaux Arts de Lyon.<\/div>\n<\/div>\n<\/div><div class=\"fusion-image-element awb-imageframe-style awb-imageframe-style-below awb-imageframe-style-5\" style=\"text-align:center;--awb-caption-title-font-family:var(--body_typography-font-family);--awb-caption-title-font-weight:var(--body_typography-font-weight);--awb-caption-title-font-style:var(--body_typography-font-style);--awb-caption-title-size:var(--body_typography-font-size);--awb-caption-title-transform:var(--body_typography-text-transform);--awb-caption-title-line-height:var(--body_typography-line-height);--awb-caption-title-letter-spacing:var(--body_typography-letter-spacing);\"><span class=\" fusion-imageframe imageframe-none imageframe-5 hover-type-none\"><img decoding=\"async\" width=\"300\" height=\"170\" alt=\"Leonetto Cappiello&#039;s signature in May 1922\" src=\"https:\/\/cappiello.fr\/wp-content\/uploads\/2025\/11\/signaturemai19221-1.jpg\" data-orig-src=\"https:\/\/cappiello.fr\/wp-content\/uploads\/2025\/11\/signaturemai19221-1.jpg\" class=\"lazyload img-responsive wp-image-135771\" srcset=\"data:image\/svg+xml,%3Csvg%20xmlns%3D%27http%3A%2F%2Fwww.w3.org%2F2000%2Fsvg%27%20width%3D%27300%27%20height%3D%27170%27%20viewBox%3D%270%200%20300%20170%27%3E%3Crect%20width%3D%27300%27%20height%3D%27170%27%20fill-opacity%3D%220%22%2F%3E%3C%2Fsvg%3E\" data-srcset=\"https:\/\/cappiello.fr\/wp-content\/uploads\/2025\/11\/signaturemai19221-1-200x113.jpg 200w, https:\/\/cappiello.fr\/wp-content\/uploads\/2025\/11\/signaturemai19221-1.jpg 300w\" data-sizes=\"auto\" data-orig-sizes=\"(max-width: 640px) 100vw, 300px\" \/><\/span><div class=\"awb-imageframe-caption-container\"><div class=\"awb-imageframe-caption\"><p class=\"awb-imageframe-caption-text\">Leonetto Cappiello's signature in May 1922<\/p><\/div><\/div><\/div><div class=\"fusion-text fusion-text-8\"><p>Biography taken and completed from: &#8216;Les Dossiers d&#8217;Orsay &#8211; Cappiello 1875 &#8211; 1942&#8217;, p186 and 187 \u00a9 R\u00e9union des Mus\u00e9es Nationaux, Paris 1981, &#8216;Dossiers d&#8217;Orsay&#8217;<\/p>\n<\/div><\/div><\/div><\/div><\/div><div class=\"fusion-fullwidth fullwidth-box fusion-builder-row-7 fusion-flex-container has-pattern-background has-mask-background nonhundred-percent-fullwidth non-hundred-percent-height-scrolling\" style=\"--awb-border-radius-top-left:0px;--awb-border-radius-top-right:0px;--awb-border-radius-bottom-right:0px;--awb-border-radius-bottom-left:0px;--awb-background-color:#fffbf4;--awb-flex-wrap:wrap;\" ><div class=\"fusion-builder-row fusion-row fusion-flex-align-items-flex-start fusion-flex-content-wrap\" style=\"max-width:1268.8px;margin-left: calc(-4% \/ 2 );margin-right: calc(-4% \/ 2 );\"><div class=\"fusion-layout-column fusion_builder_column fusion-builder-column-13 fusion_builder_column_1_1 1_1 fusion-flex-column\" style=\"--awb-bg-blend:overlay;--awb-bg-size:cover;--awb-width-large:100%;--awb-margin-top-large:0px;--awb-spacing-right-large:1.92%;--awb-margin-bottom-large:0px;--awb-spacing-left-large:1.92%;--awb-width-medium:100%;--awb-spacing-right-medium:1.92%;--awb-spacing-left-medium:1.92%;--awb-width-small:100%;--awb-spacing-right-small:1.92%;--awb-spacing-left-small:1.92%;\"><div class=\"fusion-column-wrapper fusion-flex-justify-content-flex-start fusion-content-layout-column\"><div class=\"fusion-title title fusion-title-5 fusion-sep-none fusion-title-text fusion-title-size-two\" style=\"--awb-margin-top-small:10px;--awb-margin-right-small:0px;--awb-margin-bottom-small:10px;--awb-margin-left-small:0px;\"><h2 class=\"fusion-title-heading title-heading-left fusion-responsive-typography-calculated\" style=\"margin:0;--fontSize:50;line-height:var(--awb-typography1-line-height);\">Bibliography<\/h2><\/div><div class=\"fusion-text fusion-text-9\"><p>Apart from exhibition catalogs, the main books on Cappiello are the following:<\/p>\n<\/div><div class=\"fusion-text fusion-text-10\"><div class=\"bio_line\">\n<div class=\"bio_date\">1946<\/div>\n<div>Jacques Vi\u00e9not: &#8220;L. Cappiello sa vie et son oeuvre&#8221; (Preface by Jean Cocteau) &#8211; Editions de Clermont.<\/div>\n<\/div>\n<div class=\"bio_line\">\n<div class=\"bio_date\">1978<\/div>\n<div>&#8220;Cappiello et la Belle Epoque&#8221; (Preface by Jacques de Lacretelle) &#8211; Editions Sciaky.<\/div>\n<\/div>\n<div class=\"bio_line\">\n<div class=\"bio_date\">2004<\/div>\n<div>Jack Rennert: &#8221; <a title=\"News\" href=\"https:\/\/www.amazon.fr\/Cappiello-Posters-Leonetto-Jack-Rennert\/dp\/0966420276\">Cappiello &#8211; The posters of Leonetto Cappiello<\/a> &#8221; &#8211; Editions The Poster Art Library.<\/div>\n<\/div>\n<div class=\"bio_line\">\n<div class=\"bio_date\">2011<\/div>\n<div>Marie-Laure Souli\u00e9-Cappiello:<a title=\"News\" href=\"https:\/\/cappiello.fr\/en\/cappiello-catalogue-raisonne-des-caricatures-1898-1905\/\"> &#8220;Cappiello &#8211; Catalogue raisonn\u00e9 des caricatures&#8221;<\/a> &#8211; Editions Sillage.<\/div>\n<\/div>\n<div class=\"bio_line\">\n<div class=\"bio_date\">2016<\/div>\n<div>Francesca Cagianelli: &#8221; <a href=\"https:\/\/www.libreriauniversitaria.it\/leonetto-cappiello-1875-1942-oltre\/libro\/9788865291306\">Leonetto Cappiello (1875 &#8211; 1942) Oltre L&#8217;Affiche<\/a> &#8221; &#8211; Editions Libreria Universitaria.<\/div>\n<\/div>\n<\/div><\/div><\/div><\/div><\/div><\/p>\n","protected":false},"excerpt":{"rendered":"","protected":false},"author":1,"featured_media":0,"parent":0,"menu_order":0,"comment_status":"closed","ping_status":"closed","template":"100-width.php","meta":{"_acf_changed":false,"footnotes":""},"class_list":["post-135805","page","type-page","status-publish","hentry"],"acf":[],"yoast_head":"<!-- This site is optimized with the Yoast SEO Premium plugin v27.0 (Yoast SEO v27.4) - https:\/\/yoast.com\/product\/yoast-seo-premium-wordpress\/ -->\n<title>Biography - Catalogue raisonn\u00e9 de Leonetto Cappiello<\/title>\n<meta name=\"robots\" content=\"index, follow, max-snippet:-1, max-image-preview:large, max-video-preview:-1\" \/>\n<link rel=\"canonical\" href=\"https:\/\/cappiello.fr\/en\/biography\/\" \/>\n<meta property=\"og:locale\" content=\"en_US\" \/>\n<meta property=\"og:type\" content=\"article\" \/>\n<meta property=\"og:title\" content=\"Biography\" \/>\n<meta property=\"og:url\" content=\"https:\/\/cappiello.fr\/en\/biography\/\" \/>\n<meta property=\"og:site_name\" content=\"Catalogue raisonn\u00e9 de Leonetto Cappiello\" \/>\n<meta property=\"article:modified_time\" content=\"2026-04-12T13:57:44+00:00\" \/>\n<meta name=\"twitter:card\" content=\"summary_large_image\" \/>\n<meta name=\"twitter:label1\" content=\"Est. reading time\" \/>\n\t<meta name=\"twitter:data1\" content=\"10 minutes\" \/>\n<script type=\"application\/ld+json\" class=\"yoast-schema-graph\">{\"@context\":\"https:\\\/\\\/schema.org\",\"@graph\":[{\"@type\":\"WebPage\",\"@id\":\"https:\\\/\\\/cappiello.fr\\\/en\\\/biography\\\/\",\"url\":\"https:\\\/\\\/cappiello.fr\\\/en\\\/biography\\\/\",\"name\":\"Biography - Catalogue raisonn\u00e9 de Leonetto Cappiello\",\"isPartOf\":{\"@id\":\"https:\\\/\\\/cappiello.fr\\\/en\\\/#website\"},\"datePublished\":\"2025-11-02T11:48:16+00:00\",\"dateModified\":\"2026-04-12T13:57:44+00:00\",\"breadcrumb\":{\"@id\":\"https:\\\/\\\/cappiello.fr\\\/en\\\/biography\\\/#breadcrumb\"},\"inLanguage\":\"en-US\",\"potentialAction\":[{\"@type\":\"ReadAction\",\"target\":[\"https:\\\/\\\/cappiello.fr\\\/en\\\/biography\\\/\"]}]},{\"@type\":\"BreadcrumbList\",\"@id\":\"https:\\\/\\\/cappiello.fr\\\/en\\\/biography\\\/#breadcrumb\",\"itemListElement\":[{\"@type\":\"ListItem\",\"position\":1,\"name\":\"Accueil\",\"item\":\"https:\\\/\\\/cappiello.fr\\\/en\\\/\"},{\"@type\":\"ListItem\",\"position\":2,\"name\":\"Biography\"}]},{\"@type\":\"WebSite\",\"@id\":\"https:\\\/\\\/cappiello.fr\\\/en\\\/#website\",\"url\":\"https:\\\/\\\/cappiello.fr\\\/en\\\/\",\"name\":\"Catalogue raisonn\u00e9 de Leonetto Cappiello\",\"description\":\"Plongez dans l&#039;univers de Leonetto Cappiello, le p\u00e8re de la publicit\u00e9 moderne\",\"potentialAction\":[{\"@type\":\"SearchAction\",\"target\":{\"@type\":\"EntryPoint\",\"urlTemplate\":\"https:\\\/\\\/cappiello.fr\\\/en\\\/?s={search_term_string}\"},\"query-input\":{\"@type\":\"PropertyValueSpecification\",\"valueRequired\":true,\"valueName\":\"search_term_string\"}}],\"inLanguage\":\"en-US\"}]}<\/script>\n<!-- \/ Yoast SEO Premium plugin. -->","yoast_head_json":{"title":"Biography - Catalogue raisonn\u00e9 de Leonetto Cappiello","robots":{"index":"index","follow":"follow","max-snippet":"max-snippet:-1","max-image-preview":"max-image-preview:large","max-video-preview":"max-video-preview:-1"},"canonical":"https:\/\/cappiello.fr\/en\/biography\/","og_locale":"en_US","og_type":"article","og_title":"Biography","og_url":"https:\/\/cappiello.fr\/en\/biography\/","og_site_name":"Catalogue raisonn\u00e9 de Leonetto Cappiello","article_modified_time":"2026-04-12T13:57:44+00:00","twitter_card":"summary_large_image","twitter_misc":{"Est. reading time":"10 minutes"},"schema":{"@context":"https:\/\/schema.org","@graph":[{"@type":"WebPage","@id":"https:\/\/cappiello.fr\/en\/biography\/","url":"https:\/\/cappiello.fr\/en\/biography\/","name":"Biography - Catalogue raisonn\u00e9 de Leonetto Cappiello","isPartOf":{"@id":"https:\/\/cappiello.fr\/en\/#website"},"datePublished":"2025-11-02T11:48:16+00:00","dateModified":"2026-04-12T13:57:44+00:00","breadcrumb":{"@id":"https:\/\/cappiello.fr\/en\/biography\/#breadcrumb"},"inLanguage":"en-US","potentialAction":[{"@type":"ReadAction","target":["https:\/\/cappiello.fr\/en\/biography\/"]}]},{"@type":"BreadcrumbList","@id":"https:\/\/cappiello.fr\/en\/biography\/#breadcrumb","itemListElement":[{"@type":"ListItem","position":1,"name":"Accueil","item":"https:\/\/cappiello.fr\/en\/"},{"@type":"ListItem","position":2,"name":"Biography"}]},{"@type":"WebSite","@id":"https:\/\/cappiello.fr\/en\/#website","url":"https:\/\/cappiello.fr\/en\/","name":"Catalogue raisonn\u00e9 de Leonetto Cappiello","description":"Plongez dans l&#039;univers de Leonetto Cappiello, le p\u00e8re de la publicit\u00e9 moderne","potentialAction":[{"@type":"SearchAction","target":{"@type":"EntryPoint","urlTemplate":"https:\/\/cappiello.fr\/en\/?s={search_term_string}"},"query-input":{"@type":"PropertyValueSpecification","valueRequired":true,"valueName":"search_term_string"}}],"inLanguage":"en-US"}]}},"_links":{"self":[{"href":"https:\/\/cappiello.fr\/en\/wp-json\/wp\/v2\/pages\/135805","targetHints":{"allow":["GET"]}}],"collection":[{"href":"https:\/\/cappiello.fr\/en\/wp-json\/wp\/v2\/pages"}],"about":[{"href":"https:\/\/cappiello.fr\/en\/wp-json\/wp\/v2\/types\/page"}],"author":[{"embeddable":true,"href":"https:\/\/cappiello.fr\/en\/wp-json\/wp\/v2\/users\/1"}],"replies":[{"embeddable":true,"href":"https:\/\/cappiello.fr\/en\/wp-json\/wp\/v2\/comments?post=135805"}],"version-history":[{"count":8,"href":"https:\/\/cappiello.fr\/en\/wp-json\/wp\/v2\/pages\/135805\/revisions"}],"predecessor-version":[{"id":136498,"href":"https:\/\/cappiello.fr\/en\/wp-json\/wp\/v2\/pages\/135805\/revisions\/136498"}],"wp:attachment":[{"href":"https:\/\/cappiello.fr\/en\/wp-json\/wp\/v2\/media?parent=135805"}],"curies":[{"name":"wp","href":"https:\/\/api.w.org\/{rel}","templated":true}]}}